{"id":420,"date":"2026-07-28T08:55:51","date_gmt":"2026-07-28T11:55:51","guid":{"rendered":"https:\/\/nexloo.mx\/cref11\/?page_id=420"},"modified":"2026-08-13T13:44:01","modified_gmt":"2026-08-13T16:44:01","slug":"faq","status":"publish","type":"page","link":"https:\/\/nexloo.mx\/cref11\/faq\/","title":{"rendered":"OK &#8211; FAQ e D\u00favidas Frequentes"},"content":{"rendered":"\t\t<div data-elementor-type=\"wp-page\" data-elementor-id=\"420\" class=\"elementor elementor-420\" data-elementor-post-type=\"page\">\n\t\t\t\t<div class=\"elementor-element elementor-element-6f60ee1 e-con-full e-flex e-con e-parent\" data-id=\"6f60ee1\" data-element_type=\"container\" data-e-type=\"container\">\n\t\t\t\t<div class=\"elementor-element elementor-element-3a0fdd7 elementor-widget elementor-widget-html\" data-id=\"3a0fdd7\" data-element_type=\"widget\" data-e-type=\"widget\" data-widget_type=\"html.default\">\n\t\t\t\t\t<!doctype html>\r\n<html lang=\"pt-BR\"><head><meta charset=\"utf-8\"><meta name=\"viewport\" content=\"width=device-width, initial-scale=1\"><title>FAQ CREF11\/MS<\/title><meta name=\"description\" content=\"Perguntas frequentes e respostas do CREF11\/MS.\"><link rel=\"preconnect\" href=\"https:\/\/fonts.googleapis.com\"><link rel=\"preconnect\" href=\"https:\/\/fonts.gstatic.com\" crossorigin><link href=\"https:\/\/fonts.googleapis.com\/css2?family=Montserrat:wght@400;500;600;700;800;900&display=swap\" rel=\"stylesheet\"><style>\r\n:root{--ink:#14263a;--teal:#225b60;--green:#4c9d45;--line:#dce8e4;--text:#30383c;--muted:#687278;--gray:#eef0f2}*{box-sizing:border-box}html{scroll-behavior:smooth}body{margin:0;background:var(--gray);color:var(--text);font-family:\"Montserrat\",Arial,sans-serif;font-size:16px;line-height:1.65}button{font:inherit}.faq-page{min-height:100vh;background:var(--gray);border:0}.faq-hero{background:var(--gray);border:0;padding:0}.faq-hero-inner{width:min(1200px,calc(100% - 48px));min-height:280px;margin:0 auto;padding:38px 0 22px;display:grid;grid-template-columns:58% 42%;align-items:center;position:relative;overflow:hidden}.faq-eyebrow{display:flex;align-items:center;gap:12px;margin:0 0 18px;color:#3e7831;font-size:12px;font-weight:800;letter-spacing:1.8px;text-transform:uppercase}.faq-eyebrow:before{content:\"\";width:30px;height:3px;border-radius:10px;background:var(--green)}.faq-hero h1{margin:0;color:var(--ink);font-size:clamp(44px,5vw,70px);font-weight:800;letter-spacing:-3px;line-height:.92}.faq-hero h1 span{display:block;color:#579b3d}.faq-hero-lead{max-width:690px;margin:23px 0 0;color:#43505c;font-size:17px;line-height:1.55}.faq-art{height:260px;position:relative;display:grid;place-items:center}.faq-bubble{position:absolute;border-radius:50%;background:#e1eae5;opacity:.8}.faq-bubble.one{width:170px;height:100px;left:8%;top:20%;transform:rotate(25deg)}.faq-bubble.two{width:190px;height:125px;right:-5%;bottom:0;transform:rotate(-25deg)}.faq-icon{width:230px;height:190px;position:relative;filter:drop-shadow(0 14px 18px rgba(49,92,39,.12))}.faq-board{position:absolute;left:30px;top:38px;width:170px;height:112px;border:11px solid #b8d9bd;border-radius:16px;background:#fff;transform:rotate(-5deg);box-shadow:12px 14px #dcefdc}.faq-board:before,.faq-board:after{content:\"\";position:absolute;left:25px;width:105px;height:7px;border-radius:8px;background:#c8d9ce;box-shadow:0 25px #c8d9ce,0 50px #c8d9ce}.faq-board:before{top:21px}.faq-board:after{top:33px;width:70px;left:48px;background:#58b84a;box-shadow:none}.faq-speech{position:absolute;z-index:3;right:1px;top:12px;width:67px;height:57px;border-radius:18px;background:#58b84a;color:#fff;font-size:35px;font-weight:800;line-height:48px;text-align:center;box-shadow:0 7px #dcefdc}.faq-speech:after{content:\"\";position:absolute;left:10px;bottom:-12px;border-style:solid;border-width:12px 14px 0 0;border-color:#58b84a transparent transparent transparent}.faq-content{width:min(1200px,calc(100% - 48px));margin:0 auto;padding:10px 0 65px}.faq-intro{max-width:780px;margin:0 auto 26px;text-align:center;color:#4c565d;font-size:17px}.faq-list{display:grid;gap:12px}.faq-item{border:1px solid #d6e1dc;border-radius:12px;background:#fff;overflow:hidden;box-shadow:0 3px 13px rgba(31,72,27,.035)}.faq-question{width:100%;border:0;background:#fff;color:var(--ink);display:grid;grid-template-columns:48px 1fr 30px;align-items:center;gap:12px;padding:18px 22px;text-align:left;cursor:pointer;font-weight:700;font-size:16px;line-height:1.4}.faq-question:hover,.faq-question[aria-expanded=\"true\"]{background:#f4f8f2}.faq-number{color:var(--green);font-size:12px;font-weight:800;letter-spacing:.5px}.faq-question-text{padding-right:8px}.faq-toggle{color:var(--teal);font-size:27px;font-weight:400;line-height:1;transition:transform .2s ease}.faq-question[aria-expanded=\"true\"] .faq-toggle{transform:rotate(45deg)}.faq-answer{display:grid;grid-template-rows:0fr;transition:grid-template-rows .25s ease;background:#fff}.faq-question[aria-expanded=\"true\"] + .faq-answer{grid-template-rows:1fr}.faq-answer-inner{min-height:0;overflow:hidden;padding:0 22px 0 82px}.faq-question[aria-expanded=\"true\"] + .faq-answer .faq-answer-inner{padding-bottom:22px}.faq-answer p{margin:0;color:#4c565d;font-size:17px;line-height:1.65;white-space:normal}.faq-answer a{color:var(--teal);font-weight:600;text-decoration:underline}.empty-answer{color:var(--muted);font-style:italic}@media(max-width:800px){.faq-hero-inner{width:min(1200px,calc(100% - 32px));min-height:auto;padding:35px 0 10px;grid-template-columns:1fr;text-align:center}.faq-eyebrow{justify-content:center}.faq-hero-lead{margin-left:auto;margin-right:auto}.faq-art{height:220px;margin-top:8px}.faq-content{width:min(1200px,calc(100% - 32px))}.faq-answer-inner{padding-left:22px}}@media(max-width:520px){.faq-hero h1{font-size:44px;letter-spacing:-2px}.faq-question{grid-template-columns:32px 1fr 25px;padding:16px 15px;font-size:14px;gap:8px}.faq-answer p{font-size:17px}.faq-answer-inner{padding-left:55px}.faq-art{transform:scale(.88);margin:-2px 0 -8px}}\r\n<\/style><\/head><body><main class=\"faq-page\"><section class=\"faq-hero\" aria-labelledby=\"faq-title\"><div class=\"faq-hero-inner\"><div><p class=\"faq-eyebrow\">D\u00favidas frequentes<\/p><h1 id=\"faq-title\">FAQ <span>CREF11\/MS<\/span><\/h1><p class=\"faq-hero-lead\">Encontre respostas para as principais d\u00favidas sobre registro profissional, atua\u00e7\u00e3o, servi\u00e7os, anuidades, est\u00e1gios e Educa\u00e7\u00e3o F\u00edsica.<\/p><\/div><div class=\"faq-art\" aria-hidden=\"true\"><span class=\"faq-bubble one\"><\/span><span class=\"faq-bubble two\"><\/span><div class=\"faq-icon\"><div class=\"faq-board\"><\/div><div class=\"faq-speech\">?<\/div><\/div><\/div><\/div><\/section><section class=\"faq-content\" aria-label=\"Perguntas frequentes\"><p class=\"faq-intro\">Consulte as perguntas abaixo e abra cada item para visualizar a resposta completa.<\/p><div class=\"faq-list\"><article class=\"faq-item\"><button class=\"faq-question\" type=\"button\" aria-expanded=\"false\" aria-controls=\"faq-answer-1\" id=\"faq-question-1\"><span class=\"faq-number\">01<\/span><span class=\"faq-question-text\">Como proceder ao registro junto ao Sistema CONFEF\/CREFs?<\/span><span class=\"faq-toggle\" aria-hidden=\"true\">+<\/span><\/button><div class=\"faq-answer\" id=\"faq-answer-1\" role=\"region\" aria-labelledby=\"faq-question-1\"><div class=\"faq-answer-inner\"><p>O interessado acessar\u00e1 a p\u00e1gina eletr\u00f4nica do CONFEF, <a href=\"http:\/\/www.confef.org.br,\" target=\"_blank\" rel=\"noopener\">www.confef.org.br,<\/a> e no menu \u201cprocedimento de inscri\u00e7\u00e3o\u201d, dever\u00e1 selecionar a op\u00e7\u00e3o \u201cformul\u00e1rio de impress\u00e3o de boleto para inscri\u00e7\u00e3o\u201d preenche-lo e imprimi-lo. O pagamento do boleto de inscri\u00e7\u00e3o, no valor de R$ 100,00 (cem reais), poder\u00e1 ser efetuado em qualquer ag\u00eancia banc\u00e1ria. O comprovante de pagamento dever\u00e1 ser juntado ao formul\u00e1rio de inscri\u00e7\u00e3o, este impresso pelo link <a href=\"http:\/\/www.cref11.org.br\/reggraduado.asp,\" target=\"_blank\" rel=\"noopener\">http:\/\/www.cref11.org.br\/reggraduado.asp,<\/a> assim como aos demais documentos listados. Nos termos da Resolu\u00e7\u00e3o CONFEF no 269\/2014, al\u00e9m do requerimento preenchido e do boleto pago supra citados, o interessado necessitar\u00e1 dos seguintes documentos para efetuar o registro: I \u2013 2 (duas) fotos 3x4 iguais, recentes e de frente, para documento oficial; II - Comprovante de pagamento do boleto de inscri\u00e7\u00e3o; III - C\u00f3pia autenticada do Diploma do Curso de Educa\u00e7\u00e3o F\u00edsica; IV \u2013 C\u00f3pia autenticada do Hist\u00f3rico Escolar; V - Documento da institui\u00e7\u00e3o de ensino superior indicando a data de autoriza\u00e7\u00e3o e\/ou reconhecimento do curso, a data de ingresso e conclus\u00e3o do referido curso, bem como a base legal do respectivo curso de Educa\u00e7\u00e3o F\u00edsica; VI - C\u00f3pia do CPF e Identidade, devidamente autenticados em cart\u00f3rios ou pelo respectivo CREF; VII - Comprovante de resid\u00eancia. No caso dos rec\u00e9m-formados, cuja data de cola\u00e7\u00e3o de grau n\u00e3o seja superior a 24 (vinte e quatro) meses, a c\u00f3pia do diploma poder\u00e1 ser substitu\u00edda por certid\u00e3o, certificado ou declara\u00e7\u00e3o de conclus\u00e3o do Curso de Educa\u00e7\u00e3o F\u00edsica, emitida e assinada por Institui\u00e7\u00e3o de Ensino Superior, constando, expressamente: a) nome do graduado; b) n\u00famero da identidade e do CPF; c) data de autoriza\u00e7\u00e3o e\/ou reconhecimento do curso; d) base legal do respectivo curso de Educa\u00e7\u00e3o F\u00edsica, ou seja, n\u00famero da Resolu\u00e7\u00e3o do Conselho Nacional de Educa\u00e7\u00e3o na qual est\u00e1 baseada a autoriza\u00e7\u00e3o do curso; e) data de ingresso do graduado no curso; f) data da cola\u00e7\u00e3o de grau. Os documentos poder\u00e3o ser encaminhados via Correio \u00e0 Sede do CREF11\/MS \u2013 Rua Joaquim Murtinho, 158, Centro, Campo Grande\/MS ou protocolados pessoalmente ou atrav\u00e9s de procura\u00e7\u00e3o do requerente com firma reconhecida, outorgando plenos poderes ao procurador para requerer o registro e retirar a C\u00e9dula de Identidade Profissional emitida pelo CREF11\/MS. Informa\u00e7\u00f5es adicionais acerca do requerimento de registro acessar: <a href=\"http:\/\/www.cref11.org.br\/reggraduado.asp\" target=\"_blank\" rel=\"noopener\">http:\/\/www.cref11.org.br\/reggraduado.asp<\/a><\/p><\/div><\/div><\/article><article class=\"faq-item\"><button class=\"faq-question\" type=\"button\" aria-expanded=\"false\" aria-controls=\"faq-answer-2\" id=\"faq-question-2\"><span class=\"faq-number\">02<\/span><span class=\"faq-question-text\">O estudante pode obter registro junto ao Sistema CONFEF\/CREFs?<\/span><span class=\"faq-toggle\" aria-hidden=\"true\">+<\/span><\/button><div class=\"faq-answer\" id=\"faq-answer-2\" role=\"region\" aria-labelledby=\"faq-question-2\"><div class=\"faq-answer-inner\"><p>O Sistema CONFEF\/CREFs n\u00e3o faz registro de estudantes, somente dos formados em curso Superior de Educa\u00e7\u00e3o F\u00edsica.<\/p><\/div><\/div><\/article><article class=\"faq-item\"><button class=\"faq-question\" type=\"button\" aria-expanded=\"false\" aria-controls=\"faq-answer-3\" id=\"faq-question-3\"><span class=\"faq-number\">03<\/span><span class=\"faq-question-text\">\u00c9 necess\u00e1rio ter registro para atua\u00e7\u00e3o na escola?<\/span><span class=\"faq-toggle\" aria-hidden=\"true\">+<\/span><\/button><div class=\"faq-answer\" id=\"faq-answer-3\" role=\"region\" aria-labelledby=\"faq-question-3\"><div class=\"faq-answer-inner\"><p>C) \u00c9 necess\u00e1rio ter registro para atua\u00e7\u00e3o na escola?<\/p><\/div><\/div><\/article><article class=\"faq-item\"><button class=\"faq-question\" type=\"button\" aria-expanded=\"false\" aria-controls=\"faq-answer-4\" id=\"faq-question-4\"><span class=\"faq-number\">04<\/span><span class=\"faq-question-text\">O registro no CREF \u00e9 o mesmo que no CONFEF?<\/span><span class=\"faq-toggle\" aria-hidden=\"true\">+<\/span><\/button><div class=\"faq-answer\" id=\"faq-answer-4\" role=\"region\" aria-labelledby=\"faq-question-4\"><div class=\"faq-answer-inner\"><p>O registro \u00e9 um s\u00f3 e sempre \u00e9 expedido pelo CREF.<\/p><\/div><\/div><\/article><article class=\"faq-item\"><button class=\"faq-question\" type=\"button\" aria-expanded=\"false\" aria-controls=\"faq-answer-5\" id=\"faq-question-5\"><span class=\"faq-number\">05<\/span><span class=\"faq-question-text\">Como pode ser feita a baixa\/cancelamento\/suspens\u00e3o de registro?<\/span><span class=\"faq-toggle\" aria-hidden=\"true\">+<\/span><\/button><div class=\"faq-answer\" id=\"faq-answer-5\" role=\"region\" aria-labelledby=\"faq-question-5\"><div class=\"faq-answer-inner\"><p>Os procedimentos para baixa, cancelamento e suspens\u00e3o do registro profissional est\u00e3o dispostos na Resolu\u00e7\u00e3o CONFEF no 281\/2015. Maiores informa\u00e7\u00f5es e formul\u00e1rio acessar: <a href=\"http:\/\/www.cref11.org.br\/baixareg.asp.\" target=\"_blank\" rel=\"noopener\">http:\/\/www.cref11.org.br\/baixareg.asp.<\/a><\/p><\/div><\/div><\/article><article class=\"faq-item\"><button class=\"faq-question\" type=\"button\" aria-expanded=\"false\" aria-controls=\"faq-answer-6\" id=\"faq-question-6\"><span class=\"faq-number\">06<\/span><span class=\"faq-question-text\">Qual \u00e9 a vantagem de ser registrado?<\/span><span class=\"faq-toggle\" aria-hidden=\"true\">+<\/span><\/button><div class=\"faq-answer\" id=\"faq-answer-6\" role=\"region\" aria-labelledby=\"faq-question-6\"><div class=\"faq-answer-inner\"><p>Lembramos que os Conselhos de Fiscaliza\u00e7\u00e3o do Exerc\u00edcio Profissionais n\u00e3o s\u00e3o criados para oferecer vantagens para seus registrados e sim para garantir \u00e0 sociedade que os servi\u00e7os oferecidos sejam de\u00a0qualidade, com seguran\u00e7a e orientados por Profissionais habilitados. Importante destacar que somente o diploma n\u00e3o d\u00e1 o direito ao exerc\u00edcio profissional, em nenhum das profiss\u00f5es regulamentadas. Ademais, nas profiss\u00f5es regulamentadas, o exerc\u00edcio das atividades pr\u00f3prias est\u00e1 condicionado, compulsoriamente, ao registro junto ao respectivo Conselho, ou seja, o registro n\u00e3o \u00e9 facultativo e sim obrigat\u00f3rio.<\/p><\/div><\/div><\/article><article class=\"faq-item\"><button class=\"faq-question\" type=\"button\" aria-expanded=\"false\" aria-controls=\"faq-answer-7\" id=\"faq-question-7\"><span class=\"faq-number\">07<\/span><span class=\"faq-question-text\">Como pode ser feita a transfer\u00eancia do registro?<\/span><span class=\"faq-toggle\" aria-hidden=\"true\">+<\/span><\/button><div class=\"faq-answer\" id=\"faq-answer-7\" role=\"region\" aria-labelledby=\"faq-question-7\"><div class=\"faq-answer-inner\"><p>O Profissional registrado no CREF que pretender atuar profissionalmente em \u00e1rea de abrang\u00eancia distinta da do CREF onde tem o registro, dever\u00e1 atender a normatiza\u00e7\u00e3o prevista na Resolu\u00e7\u00e3o CONFEF no 076\/2004. Maiores informa\u00e7\u00f5es e formul\u00e1rio acessar: <a href=\"http:\/\/www.cref11.org.br\/transferencia.asp\" target=\"_blank\" rel=\"noopener\">http:\/\/www.cref11.org.br\/transferencia.asp<\/a><\/p><\/div><\/div><\/article><article class=\"faq-item\"><button class=\"faq-question\" type=\"button\" aria-expanded=\"false\" aria-controls=\"faq-answer-8\" id=\"faq-question-8\"><span class=\"faq-number\">08<\/span><span class=\"faq-question-text\">Como abrir uma Pessoa Jur\u00eddica (estabelecimento prestador de servi\u00e7os em atividade f\u00edsica)?<\/span><span class=\"faq-toggle\" aria-hidden=\"true\">+<\/span><\/button><div class=\"faq-answer\" id=\"faq-answer-8\" role=\"region\" aria-labelledby=\"faq-question-8\"><div class=\"faq-answer-inner\"><p>\u00c9 necess\u00e1rio seguir os procedimentos normativos federais, estaduais e municipais para a abertura de um estabelecimento de presta\u00e7\u00e3o de servi\u00e7os. Sugerimos a procura de um Profissional de Contabilidade, que lhe informar\u00e1 e orientar\u00e1 sobre a legisla\u00e7\u00e3o pertinente a ser seguida<\/p><\/div><\/div><\/article><article class=\"faq-item\"><button class=\"faq-question\" type=\"button\" aria-expanded=\"false\" aria-controls=\"faq-answer-9\" id=\"faq-question-9\"><span class=\"faq-number\">09<\/span><span class=\"faq-question-text\">Como registrar a Pessoa Jur\u00eddica (estabelecimento prestador de servi\u00e7os em atividade f\u00edsica) no CREF?<\/span><span class=\"faq-toggle\" aria-hidden=\"true\">+<\/span><\/button><div class=\"faq-answer\" id=\"faq-answer-9\" role=\"region\" aria-labelledby=\"faq-question-9\"><div class=\"faq-answer-inner\"><p>A Lei Federal no 6.839\/1980 e a Lei Estadual no 3654\/2009 determinam o registro das Pessoas Jur\u00eddicas nos Conselhos Profissionais, quando as mesmas ofertarem servi\u00e7os de profiss\u00f5es regulamentadas, como \u00e9 o caso da Educa\u00e7\u00e3o F\u00edsica. Assim, o interessado acessar\u00e1 a p\u00e1gina eletr\u00f4nica do CONFEF, <a href=\"http:\/\/www.confef.org.br,\" target=\"_blank\" rel=\"noopener\">www.confef.org.br,<\/a> e no menu \u201cformul\u00e1rio de impress\u00e3o de boleto para inscri\u00e7\u00e3o\u201d, preenche-lo e imprimi-lo. O pagamento do boleto de inscri\u00e7\u00e3o, no valor de R$ 100,00 (cem reais), poder\u00e1 ser efetuado em qualquer ag\u00eancia banc\u00e1ria. O interessado dever\u00e1 ainda acessar a p\u00e1gina eletr\u00f4nica do CREF da \u00e1rea de abrang\u00eancia onde ser\u00e1 a sede da Pessoa Jur\u00eddica a fim de obter o formul\u00e1rio de registro de Pessoa Jur\u00eddica, bem como verificar a documenta\u00e7\u00e3o exigida para o registro. Nos termos da Resolu\u00e7\u00e3o CONFEF no 021\/2001, al\u00e9m do requerimento preenchido e do boleto pago supra citados, o interessado necessitar\u00e1 dos seguintes documentos para efetuar o registro: I - c\u00f3pia do instrumento de constitui\u00e7\u00e3o e de todas as altera\u00e7\u00f5es contratuais da pessoa jur\u00eddica, devidamente arquivado e registrado no \u00f3rg\u00e3o competente; II - termo de compromisso, em impresso pr\u00f3prio, indicando o respons\u00e1vel t\u00e9cnico; III - rela\u00e7\u00e3o nominal dos Profissionais integrantes do quadro t\u00e9cnico; IV - rela\u00e7\u00e3o dos servi\u00e7os desenvolvidos pela Pessoa Jur\u00eddica; V - outros documentos a crit\u00e9rio dos CREFs. Lembramos que, nos termos da Lei no 9.696\/1198, somente o Profissional de Educa\u00e7\u00e3o F\u00edsica devidamente registrado no Sistema CONFEF\/CREFs pode ministrar atividades f\u00edsicas, desportivas e similares. Os documentos dever\u00e3o ser encaminhados via Correio \u00e0 Sede do CREF11\/MS \u2013 Rua Joaquim Murtinho, 158, Centro, Campo Grande\/MS ou protocolados pessoalmente. Maiores informa\u00e7\u00f5es e formul\u00e1rios acessar: <a href=\"http:\/\/www.cref11.org.br\/registroj.asp\" target=\"_blank\" rel=\"noopener\">http:\/\/www.cref11.org.br\/registroj.asp<\/a><\/p><\/div><\/div><\/article><article class=\"faq-item\"><button class=\"faq-question\" type=\"button\" aria-expanded=\"false\" aria-controls=\"faq-answer-10\" id=\"faq-question-10\"><span class=\"faq-number\">10<\/span><span class=\"faq-question-text\">O condom\u00ednio pode oferecer espa\u00e7o com equipamentos para pr\u00e1tica de atividades f\u00edsicas (academia)?<\/span><span class=\"faq-toggle\" aria-hidden=\"true\">+<\/span><\/button><div class=\"faq-answer\" id=\"faq-answer-10\" role=\"region\" aria-labelledby=\"faq-question-10\"><div class=\"faq-answer-inner\"><p>O Condom\u00ednio pode ter um espa\u00e7o com aparelhos oferecido para os cond\u00f4minos, mas desde o momento que a atividade f\u00edsica for orientada, precisar\u00e1 de um Profissional de Educa\u00e7\u00e3o F\u00edsica nesta orienta\u00e7\u00e3o. \u00c9 fundamental ressaltar a import\u00e2ncia do Profissional de Educa\u00e7\u00e3o F\u00edsica presente, a fim de que sejam praticados exerc\u00edcios orientados corretamente, objetivando evitar les\u00f5es e at\u00e9 riscos maiores \u00e0 sa\u00fade dos usu\u00e1rios. Lembramos que qualquer problema relacionado a estes acontecimentos, o condom\u00ednio poder\u00e1 ser responsabilizado. Ressaltamos ainda que o CREF poder\u00e1 proceder \u00e0 a\u00e7\u00f5es de fiscaliza\u00e7\u00e3o nas citadas academias, objetivando garantir que os servi\u00e7os em atividades f\u00edsicas est\u00e3o sejam prestados por profissionais habilitados.<\/p><\/div><\/div><\/article><article class=\"faq-item\"><button class=\"faq-question\" type=\"button\" aria-expanded=\"false\" aria-controls=\"faq-answer-11\" id=\"faq-question-11\"><span class=\"faq-number\">11<\/span><span class=\"faq-question-text\">Como \u00e9 tratada a quest\u00e3o das condi\u00e7\u00f5es higi\u00eanicas das Pessoas Jur\u00eddicas e de seguran\u00e7a do local?<\/span><span class=\"faq-toggle\" aria-hidden=\"true\">+<\/span><\/button><div class=\"faq-answer\" id=\"faq-answer-11\" role=\"region\" aria-labelledby=\"faq-question-11\"><div class=\"faq-answer-inner\"><p>A fiscaliza\u00e7\u00e3o de higiene cabe a Vigil\u00e2ncia Sanit\u00e1ria ou algum \u00f3rg\u00e3o similar de sua regi\u00e3o. Durante as a\u00e7\u00f5es fiscalizat\u00f3rias, o fiscal, observando condi\u00e7\u00f5es inadequadas, sinalizar\u00e1 em seu relat\u00f3rio tal ocorr\u00eancia e far\u00e1 as recomenda\u00e7\u00f5es pertinentes. Em rela\u00e7\u00e3o a seguran\u00e7a do local (fios desencapados, rachaduras, degraus, entre outros que possam causar acidentes) cabe a den\u00fancia e fiscaliza\u00e7\u00e3o do Corpo de Bombeiros e Vigil\u00e2ncia Sanit\u00e1ria.<\/p><\/div><\/div><\/article><article class=\"faq-item\"><button class=\"faq-question\" type=\"button\" aria-expanded=\"false\" aria-controls=\"faq-answer-12\" id=\"faq-question-12\"><span class=\"faq-number\">12<\/span><span class=\"faq-question-text\">Como proceder ao encerrar as atividades de um estabelecimento?<\/span><span class=\"faq-toggle\" aria-hidden=\"true\">+<\/span><\/button><div class=\"faq-answer\" id=\"faq-answer-12\" role=\"region\" aria-labelledby=\"faq-question-12\"><div class=\"faq-answer-inner\"><p>A Pessoa Jur\u00eddica\/estabelecimento que deixar de oferecer e\/ou prestar servi\u00e7os de atividades f\u00edsicas, desportivas e similares, seja por encerramento ou mudan\u00e7a de objeto social, dever\u00e1 solicitar a baixa ou cancelamento do respectivo registro junto ao CREF11\/MS. \u00c9 de responsabilidade do representante legal informar que houve o encerramento das atividades da empresa, uma vez que a situa\u00e7\u00e3o cadastral permanece \u201cATIVA\u201d em nosso sistema at\u00e9 que seja protocolizado requerimento de baixa\/cancelamento de registro, permanecendo a cobran\u00e7a de anuidades. Para informa\u00e7\u00f5es adicionais acesse <a href=\"http:\/\/www.cref11.org.br\/baixaj.asp.\" target=\"_blank\" rel=\"noopener\">http:\/\/www.cref11.org.br\/baixaj.asp.<\/a><\/p><\/div><\/div><\/article><article class=\"faq-item\"><button class=\"faq-question\" type=\"button\" aria-expanded=\"false\" aria-controls=\"faq-answer-13\" id=\"faq-question-13\"><span class=\"faq-number\">13<\/span><span class=\"faq-question-text\">O Certificado de Registro de Pessoa jur\u00eddica tem validade?<\/span><span class=\"faq-toggle\" aria-hidden=\"true\">+<\/span><\/button><div class=\"faq-answer\" id=\"faq-answer-13\" role=\"region\" aria-labelledby=\"faq-question-13\"><div class=\"faq-answer-inner\"><p>O certificado de registro tem validade de at\u00e9 01 (um ano) a contar da data de expedi\u00e7\u00e3o, sendo que tal validade refere-se apenas ao documento e n\u00e3o o registro\/cadastro do estabelecimento junto ao CREF. A renova\u00e7\u00e3o do Certificado de Registro de Pessoa Jur\u00eddica - CRPJ junto ao CREF11\/MS deve ser solicitada a partir dos 30 (trinta) dias que antecederem a data de vencimento do documento ou sempre que houver altera\u00e7\u00e3o do Respons\u00e1vel T\u00e9cnico, endere\u00e7o da pessoa jur\u00eddica ou raz\u00e3o social. Para informa\u00e7\u00f5es adicionais acesse <a href=\"http:\/\/www.cref11.org.br\/renovaj.asp.\" target=\"_blank\" rel=\"noopener\">http:\/\/www.cref11.org.br\/renovaj.asp.<\/a><\/p><\/div><\/div><\/article><article class=\"faq-item\"><button class=\"faq-question\" type=\"button\" aria-expanded=\"false\" aria-controls=\"faq-answer-14\" id=\"faq-question-14\"><span class=\"faq-number\">14<\/span><span class=\"faq-question-text\">O que \u00e9 quadro t\u00e9cnico?<\/span><span class=\"faq-toggle\" aria-hidden=\"true\">+<\/span><\/button><div class=\"faq-answer\" id=\"faq-answer-14\" role=\"region\" aria-labelledby=\"faq-question-14\"><div class=\"faq-answer-inner\"><p>Quadro t\u00e9cnico \u00e9 o documento no qual deve constar o nome e o n\u00famero de registro de todos os profissionais de Educa\u00e7\u00e3o F\u00edsica que atuam no estabelecimento. A lei estadual no 3.654, DE 7 de abril de 2009, estabelece a obrigatoriedade de mant\u00ea-lo fixado em local vis\u00edvel ao p\u00fablico. Portanto, toda e qualquer mudan\u00e7a no quadro de profissionais de Educa\u00e7\u00e3o F\u00edsica e estagi\u00e1rios deve ser informada ao CREF. Para informa\u00e7\u00f5es adicionais acesse <a href=\"http:\/\/www.cref11.org.br\/alterj.asp\" target=\"_blank\" rel=\"noopener\">http:\/\/www.cref11.org.br\/alterj.asp<\/a><\/p><\/div><\/div><\/article><article class=\"faq-item\"><button class=\"faq-question\" type=\"button\" aria-expanded=\"false\" aria-controls=\"faq-answer-15\" id=\"faq-question-15\"><span class=\"faq-number\">15<\/span><span class=\"faq-question-text\">O que \u00e9 respons\u00e1vel t\u00e9cnico?<\/span><span class=\"faq-toggle\" aria-hidden=\"true\">+<\/span><\/button><div class=\"faq-answer\" id=\"faq-answer-15\" role=\"region\" aria-labelledby=\"faq-question-15\"><div class=\"faq-answer-inner\"><p>A fun\u00e7\u00e3o de Responsabilidade T\u00e9cnica nos estabelecimentos prestadores de servi\u00e7os no campo das atividades f\u00edsicas e esportivas \u00e9 regulamentada pela Resolu\u00e7\u00e3o CONFEF no 134\/2007. De acordo com a citada Resolu\u00e7\u00e3o: Art. 8o O Respons\u00e1vel T\u00e9cnico responder\u00e1 perante o CREF de sua \u00e1rea de abrang\u00eancia, por ato do agente empregador, que corroborar ou n\u00e3o denunciar e que concorra, de qualquer forma, para: I - les\u00e3o dos direitos da clientela; II - exerc\u00edcio ilegal da profiss\u00e3o de Educa\u00e7\u00e3o F\u00edsica; III - n\u00e3o acatamento \u00e0s disposi\u00e7\u00f5es desta, de outras resolu\u00e7\u00f5es do Sistema CONFEF\/CREFs, bem como \u00e0s leis.<\/p><\/div><\/div><\/article><article class=\"faq-item\"><button class=\"faq-question\" type=\"button\" aria-expanded=\"false\" aria-controls=\"faq-answer-16\" id=\"faq-question-16\"><span class=\"faq-number\">16<\/span><span class=\"faq-question-text\">Ao me afastar da fun\u00e7\u00e3o de respons\u00e1vel t\u00e9cnico, o que devo fazer?<\/span><span class=\"faq-toggle\" aria-hidden=\"true\">+<\/span><\/button><div class=\"faq-answer\" id=\"faq-answer-16\" role=\"region\" aria-labelledby=\"faq-question-16\"><div class=\"faq-answer-inner\"><p>O exerc\u00edcio da fun\u00e7\u00e3o de Respons\u00e1vel T\u00e9cnico cessa pela baixa quando solicitada, por escrito, pelo Profissional de Educa\u00e7\u00e3o F\u00edsica ou pelo estabelecimento. Neste caso, recomendamos aos profissionais que fa\u00e7am a comunica\u00e7\u00e3o ao CREF a fim de evitar transtornos.<\/p><\/div><\/div><\/article><article class=\"faq-item\"><button class=\"faq-question\" type=\"button\" aria-expanded=\"false\" aria-controls=\"faq-answer-17\" id=\"faq-question-17\"><span class=\"faq-number\">17<\/span><span class=\"faq-question-text\">Como proceder quando da substitui\u00e7\u00e3o do respons\u00e1vel t\u00e9cnico do meu estabelecimento?<\/span><span class=\"faq-toggle\" aria-hidden=\"true\">+<\/span><\/button><div class=\"faq-answer\" id=\"faq-answer-17\" role=\"region\" aria-labelledby=\"faq-question-17\"><div class=\"faq-answer-inner\"><p>Havendo a mudan\u00e7a de respons\u00e1vel t\u00e9cnico, a pessoa jur\u00eddica dever\u00e1 informar o CREF11\/MS mediante formul\u00e1rio preenchido e assinado pelo representante legal e o novo respons\u00e1vel t\u00e9cnico. Para informa\u00e7\u00f5es adicionais acesse <a href=\"http:\/\/www.cref11.org.br\/rtpj.asp.\" target=\"_blank\" rel=\"noopener\">http:\/\/www.cref11.org.br\/rtpj.asp.<\/a><\/p><\/div><\/div><\/article><article class=\"faq-item\"><button class=\"faq-question\" type=\"button\" aria-expanded=\"false\" aria-controls=\"faq-answer-18\" id=\"faq-question-18\"><span class=\"faq-number\">18<\/span><span class=\"faq-question-text\">O que \u00e9 Bacharelado e Licenciatura?<\/span><span class=\"faq-toggle\" aria-hidden=\"true\">+<\/span><\/button><div class=\"faq-answer\" id=\"faq-answer-18\" role=\"region\" aria-labelledby=\"faq-question-18\"><div class=\"faq-answer-inner\"><p>O curso de Licenciatura tem por objetivo formar professores para a Educa\u00e7\u00e3o B\u00e1sica, ou seja, na Educa\u00e7\u00e3o Infantil, no Ensino Fundamental e no Ensino M\u00e9dio. O curso de Gradua\u00e7\u00e3o\/Bacharelado em Educa\u00e7\u00e3o F\u00edsica tem por objetivo formar Profissional com conhecimento para atuar na manuten\u00e7\u00e3o e promo\u00e7\u00e3o de sa\u00fade, no treinamento e ensinamento esportivo, no condicionamento f\u00edsico, elaborando, executando, avaliando e coordenando projetos e programas de atividades f\u00edsicas para diferentes popula\u00e7\u00f5es. O curso tamb\u00e9m possibilita a atua\u00e7\u00e3o em clubes, academias, hospitais, condom\u00ednios, bem como o exerc\u00edcio da fun\u00e7\u00e3o de \"personal trainer\". Assim, fica expl\u00edcito que o Bacharel\/Graduado n\u00e3o recebeu conhecimentos para interven\u00e7\u00e3o na Educa\u00e7\u00e3o B\u00e1sica.<\/p><\/div><\/div><\/article><article class=\"faq-item\"><button class=\"faq-question\" type=\"button\" aria-expanded=\"false\" aria-controls=\"faq-answer-19\" id=\"faq-question-19\"><span class=\"faq-number\">19<\/span><span class=\"faq-question-text\">Com licenciatura, onde posso atuar?<\/span><span class=\"faq-toggle\" aria-hidden=\"true\">+<\/span><\/button><div class=\"faq-answer\" id=\"faq-answer-19\" role=\"region\" aria-labelledby=\"faq-question-19\"><div class=\"faq-answer-inner\"><p>A Licenciatura forma o profissional para atuar como regente\/docente da Educa\u00e7\u00e3o B\u00e1sica, ou seja, nas aulas curriculares de Educa\u00e7\u00e3o F\u00edsica na Educa\u00e7\u00e3o Infantil, no Ensino Fundamental e no Ensino M\u00e9dio.<\/p><\/div><\/div><\/article><article class=\"faq-item\"><button class=\"faq-question\" type=\"button\" aria-expanded=\"false\" aria-controls=\"faq-answer-20\" id=\"faq-question-20\"><span class=\"faq-number\">20<\/span><span class=\"faq-question-text\">Com Curso de Licenciatura e p\u00f3s-gradua\u00e7\u00e3o posso atuar em outras \u00e1reas?<\/span><span class=\"faq-toggle\" aria-hidden=\"true\">+<\/span><\/button><div class=\"faq-answer\" id=\"faq-answer-20\" role=\"region\" aria-labelledby=\"faq-question-20\"><div class=\"faq-answer-inner\"><p>N\u00e3o, pois os cursos de p\u00f3s-gradua\u00e7\u00e3o a qualquer n\u00edvel (especializa\u00e7\u00e3o, mestrado ou doutorado) n\u00e3o t\u00eam car\u00e1ter de forma\u00e7\u00e3o, portanto, n\u00e3o habilitando para outra interven\u00e7\u00e3o profissional.<\/p><\/div><\/div><\/article><article class=\"faq-item\"><button class=\"faq-question\" type=\"button\" aria-expanded=\"false\" aria-controls=\"faq-answer-21\" id=\"faq-question-21\"><span class=\"faq-number\">21<\/span><span class=\"faq-question-text\">Tenho registro no CREF com habilita\u00e7\u00e3o em Licenciatura e conclu\u00ed o Bacharelado, o que devo fazer?<\/span><span class=\"faq-toggle\" aria-hidden=\"true\">+<\/span><\/button><div class=\"faq-answer\" id=\"faq-answer-21\" role=\"region\" aria-labelledby=\"faq-question-21\"><div class=\"faq-answer-inner\"><p>Ao concluir a segunda gradua\u00e7\u00e3o (Licenciatura ou Bacharelado em Educa\u00e7\u00e3o F\u00edsica) o profissional deve solicitar a inclus\u00e3o do respectivo t\u00edtulo ao registro profissional. Para isso, dever\u00e1 apresentar as c\u00f3pias autenticadas dos documentos de conclus\u00e3o de curso junto ao requerimento de inclus\u00e3o dispon\u00edvel no site <a href=\"http:\/\/www.cref11.org.br\" target=\"_blank\" rel=\"noopener\">www.cref11.org.br<\/a> \u2013 Se\u00e7\u00e3o pessoa f\u00edsica \u2013 inclus\u00e3o licenciatura\/bacharelado.<\/p><\/div><\/div><\/article><article class=\"faq-item\"><button class=\"faq-question\" type=\"button\" aria-expanded=\"false\" aria-controls=\"faq-answer-22\" id=\"faq-question-22\"><span class=\"faq-number\">22<\/span><span class=\"faq-question-text\">Tenho as duas gradua\u00e7\u00f5es, Licenciatura e Bacharelado em Educa\u00e7\u00e3o F\u00edsica, devo pagar duas anuidades?<\/span><span class=\"faq-toggle\" aria-hidden=\"true\">+<\/span><\/button><div class=\"faq-answer\" id=\"faq-answer-22\" role=\"region\" aria-labelledby=\"faq-question-22\"><div class=\"faq-answer-inner\"><p>N\u00e3o. O registro \u00e9 \u00fanico para as duas habilita\u00e7\u00f5es.<\/p><\/div><\/div><\/article><article class=\"faq-item\"><button class=\"faq-question\" type=\"button\" aria-expanded=\"false\" aria-controls=\"faq-answer-23\" id=\"faq-question-23\"><span class=\"faq-number\">23<\/span><span class=\"faq-question-text\">Como proceder para revalidar diploma obtido no exterior?<\/span><span class=\"faq-toggle\" aria-hidden=\"true\">+<\/span><\/button><div class=\"faq-answer\" id=\"faq-answer-23\" role=\"region\" aria-labelledby=\"faq-question-23\"><div class=\"faq-answer-inner\"><p>A revalida\u00e7\u00e3o encontra-se disciplinada na Resolu\u00e7\u00e3o no 3\/2016 e Portaria Normativa no 22\/2016 do Minist\u00e9rio da Educa\u00e7\u00e3o. N\u00e3o cabe ao Sistema CONFEF\/CREFs revalidar os mesmos.<\/p><\/div><\/div><\/article><article class=\"faq-item\"><button class=\"faq-question\" type=\"button\" aria-expanded=\"false\" aria-controls=\"faq-answer-24\" id=\"faq-question-24\"><span class=\"faq-number\">24<\/span><span class=\"faq-question-text\">Como procedo para realizar a mudan\u00e7a de endere\u00e7o\/mudan\u00e7a de e-mail\/ mudan\u00e7a de nome?<\/span><span class=\"faq-toggle\" aria-hidden=\"true\">+<\/span><\/button><div class=\"faq-answer\" id=\"faq-answer-24\" role=\"region\" aria-labelledby=\"faq-question-24\"><div class=\"faq-answer-inner\"><p>Como procedo para realizar a mudan\u00e7a de endere\u00e7o\/mudan\u00e7a de e-mail\/ mudan\u00e7a de nome? As altera\u00e7\u00f5es cadastrais s\u00e3o feitas diretamente no site do CREF11\/MS mediante acesso ao SERVI\u00c7OS ONLINE (<a href=\"http:\/\/www.cref11.org.br\/servicosonline.asp),\" target=\"_blank\" rel=\"noopener\">http:\/\/www.cref11.org.br\/servicosonline.asp),<\/a> cabendo ao Profissional de Educa\u00e7\u00e3o F\u00edsica e as Pessoas Jur\u00eddicas informarem e solicitarem ao CREF qualquer mudan\u00e7a em seu cadastro, evitando assim poss\u00edveis transtornos em rela\u00e7\u00e3o \u00e0 falta de comunica\u00e7\u00e3o entre o Sistema CONFEF\/CREFs e o Profissional.<\/p><\/div><\/div><\/article><article class=\"faq-item\"><button class=\"faq-question\" type=\"button\" aria-expanded=\"false\" aria-controls=\"faq-answer-25\" id=\"faq-question-25\"><span class=\"faq-number\">25<\/span><span class=\"faq-question-text\">Qual \u00e9 o valor da anuidade?<\/span><span class=\"faq-toggle\" aria-hidden=\"true\">+<\/span><\/button><div class=\"faq-answer\" id=\"faq-answer-25\" role=\"region\" aria-labelledby=\"faq-question-25\"><div class=\"faq-answer-inner\"><p>Na fixa\u00e7\u00e3o do valor da anuidade do Sistema CONFEF\/CREFs, a Lei no 12.197, de 14 de janeiro de 2010, observou o limite de R$ 380,00 (trezentos e oitenta reais) para Pessoa F\u00edsica e R$ 939,09 (novecentos e trinta e nove reais e nove centavos) para Pessoa Jur\u00eddica. A citada lei possibilitou o reajuste anual dos valores da anuidade pelo \u00cdndice Nacional de Pre\u00e7os ao Consumidor Amplo \u2013 IPCA. Assim, o CREF11\/MS, de acordo com seu planejamento anual, estabelece por Resolu\u00e7\u00e3o os descontos e prazos de pagamento.<\/p><\/div><\/div><\/article><article class=\"faq-item\"><button class=\"faq-question\" type=\"button\" aria-expanded=\"false\" aria-controls=\"faq-answer-26\" id=\"faq-question-26\"><span class=\"faq-number\">26<\/span><span class=\"faq-question-text\">Como proceder para obter a 2a via de boleto de anuidade?<\/span><span class=\"faq-toggle\" aria-hidden=\"true\">+<\/span><\/button><div class=\"faq-answer\" id=\"faq-answer-26\" role=\"region\" aria-labelledby=\"faq-question-26\"><div class=\"faq-answer-inner\"><p>A impress\u00e3o de boletos encontra-se dispon\u00edvel pelo acesso ao SERVI\u00c7OS ONLINE: <a href=\"http:\/\/www.cref11.org.br\/servicosonline.asp\" target=\"_blank\" rel=\"noopener\">http:\/\/www.cref11.org.br\/servicosonline.asp<\/a><\/p><\/div><\/div><\/article><article class=\"faq-item\"><button class=\"faq-question\" type=\"button\" aria-expanded=\"false\" aria-controls=\"faq-answer-27\" id=\"faq-question-27\"><span class=\"faq-number\">27<\/span><span class=\"faq-question-text\">Como proceder para parcelar a anuidade?<\/span><span class=\"faq-toggle\" aria-hidden=\"true\">+<\/span><\/button><div class=\"faq-answer\" id=\"faq-answer-27\" role=\"region\" aria-labelledby=\"faq-question-27\"><div class=\"faq-answer-inner\"><p>As solicita\u00e7\u00f5es de parcelamento poder\u00e3o ser requeridas via telefone, correio ou pelo e-mail: <a href=\"mailto:financeiro@cref11.org.br\">financeiro@cref11.org.br<\/a>.<\/p><\/div><\/div><\/article><article class=\"faq-item\"><button class=\"faq-question\" type=\"button\" aria-expanded=\"false\" aria-controls=\"faq-answer-28\" id=\"faq-question-28\"><span class=\"faq-number\">28<\/span><span class=\"faq-question-text\">Como proceder para pagamento de anuidades atrasadas?<\/span><span class=\"faq-toggle\" aria-hidden=\"true\">+<\/span><\/button><div class=\"faq-answer\" id=\"faq-answer-28\" role=\"region\" aria-labelledby=\"faq-question-28\"><div class=\"faq-answer-inner\"><p>A negocia\u00e7\u00e3o de d\u00e9bitos pendentes poder\u00e3o ser requeridas via telefone, correio ou pelo e-mail: <a href=\"mailto:financeiro@cref11.org.br\">financeiro@cref11.org.br<\/a>.<\/p><\/div><\/div><\/article><article class=\"faq-item\"><button class=\"faq-question\" type=\"button\" aria-expanded=\"false\" aria-controls=\"faq-answer-29\" id=\"faq-question-29\"><span class=\"faq-number\">29<\/span><span class=\"faq-question-text\">A C\u00e9dula de Identidade Profissional tem validade nacional para o exerc\u00edcio profissional?<\/span><span class=\"faq-toggle\" aria-hidden=\"true\">+<\/span><\/button><div class=\"faq-answer\" id=\"faq-answer-29\" role=\"region\" aria-labelledby=\"faq-question-29\"><div class=\"faq-answer-inner\"><p>N\u00e3o. A C\u00e9dula de Identidade Profissional fornecida pelos CREFs \u00e9 v\u00e1lida em todo territ\u00f3rio nacional para efeito de identifica\u00e7\u00e3o, mas restrita a \u00e1rea de abrang\u00eancia do CREF que a habilitou ao exerc\u00edcio profissional.<\/p><\/div><\/div><\/article><article class=\"faq-item\"><button class=\"faq-question\" type=\"button\" aria-expanded=\"false\" aria-controls=\"faq-answer-30\" id=\"faq-question-30\"><span class=\"faq-number\">30<\/span><span class=\"faq-question-text\">Como proceder para realizar a renova\u00e7\u00e3o da CIP?<\/span><span class=\"faq-toggle\" aria-hidden=\"true\">+<\/span><\/button><div class=\"faq-answer\" id=\"faq-answer-30\" role=\"region\" aria-labelledby=\"faq-question-30\"><div class=\"faq-answer-inner\"><p>A renova\u00e7\u00e3o da C\u00e9dula de Identidade Profissional, assim como a segunda via do documento agora \u00e9 solicitada exclusivamente via internet pelo link: <a href=\"http:\/\/www.cref11.org.br\/renovacip.asp.\" target=\"_blank\" rel=\"noopener\">http:\/\/www.cref11.org.br\/renovacip.asp.<\/a> O profissional que estiver com o documento vencido dever\u00e1 requerer a renova\u00e7\u00e3o via internet, mediante preenchimento integral do formul\u00e1rio dispon\u00edvel, indicando o e-mail oficial para receber as informa\u00e7\u00f5es do protocolo. O mesmo procedimento ser\u00e1 feito em caso de roubo, furto ou extravio da C\u00e9dula de Identidade Profissional que estiver no prazo de validade. Ao preencher o formul\u00e1rio, a solicita\u00e7\u00e3o ser\u00e1 direcionada ao e-mail do registro de pessoa f\u00edsica que ir\u00e1 conferir a regularidade cadastral. O profissional receber\u00e1 as informa\u00e7\u00f5es sobre o n\u00famero de protocolo e eventuais pend\u00eancias cadastrais. Havendo pend\u00eancia documental, como por exemplo, a c\u00f3pia autenticada do diploma ou foto, o solicitante poder\u00e1 fazer a regulariza\u00e7\u00e3o enviando o respectivo documento (autenticado) via e-mail.<\/p><\/div><\/div><\/article><article class=\"faq-item\"><button class=\"faq-question\" type=\"button\" aria-expanded=\"false\" aria-controls=\"faq-answer-31\" id=\"faq-question-31\"><span class=\"faq-number\">31<\/span><span class=\"faq-question-text\">Os estudantes do curso de Licenciatura em Educa\u00e7\u00e3o F\u00edsica podem estagiar em academia?<\/span><span class=\"faq-toggle\" aria-hidden=\"true\">+<\/span><\/button><div class=\"faq-answer\" id=\"faq-answer-31\" role=\"region\" aria-labelledby=\"faq-question-31\"><div class=\"faq-answer-inner\"><p>N\u00e3o. De acordo com a Lei Federal no 11.788\/2008, o est\u00e1gio faz parte do projeto pedag\u00f3gico do curso, al\u00e9m de integrar o itiner\u00e1rio formativo do educando, devendo ser compat\u00edvel com a programa\u00e7\u00e3o curricular estabelecida para cada curso. Assim, se a legisla\u00e7\u00e3o vigente determina que os cursos de Licenciatura destinam-se a forma\u00e7\u00e3o de Professores da Educa\u00e7\u00e3o B\u00e1sica, os estudantes de Licenciatura em Educa\u00e7\u00e3o F\u00edsica s\u00f3 poder\u00e3o estagiar no \u00e2mbito da Educa\u00e7\u00e3o F\u00edsica escolar.<\/p><\/div><\/div><\/article><article class=\"faq-item\"><button class=\"faq-question\" type=\"button\" aria-expanded=\"false\" aria-controls=\"faq-answer-32\" id=\"faq-question-32\"><span class=\"faq-number\">32<\/span><span class=\"faq-question-text\">A partir de que per\u00edodo \u00e9 obrigat\u00f3rio o est\u00e1gio?<\/span><span class=\"faq-toggle\" aria-hidden=\"true\">+<\/span><\/button><div class=\"faq-answer\" id=\"faq-answer-32\" role=\"region\" aria-labelledby=\"faq-question-32\"><div class=\"faq-answer-inner\"><p>A lei n\u00e3o relata sobre per\u00edodo, descreve que estudantes que estiverem frequentando o ensino regular, em institui\u00e7\u00f5es de educa\u00e7\u00e3o superior, de educa\u00e7\u00e3o profissional, de ensino m\u00e9dio, da educa\u00e7\u00e3o especial e dos anos finais do ensino fundamental, na modalidade profissional da educa\u00e7\u00e3o de jovens e adultos, dever\u00e3o estagiar.<\/p><\/div><\/div><\/article><article class=\"faq-item\"><button class=\"faq-question\" type=\"button\" aria-expanded=\"false\" aria-controls=\"faq-answer-33\" id=\"faq-question-33\"><span class=\"faq-number\">33<\/span><span class=\"faq-question-text\">\u00c9 obrigat\u00f3ria a remunera\u00e7\u00e3o do estagi\u00e1rio?<\/span><span class=\"faq-toggle\" aria-hidden=\"true\">+<\/span><\/button><div class=\"faq-answer\" id=\"faq-answer-33\" role=\"region\" aria-labelledby=\"faq-question-33\"><div class=\"faq-answer-inner\"><p>Nos termos do art. 12 da Lei no 11.788\/2008, a remunera\u00e7\u00e3o do est\u00e1gio n\u00e3o obrigat\u00f3rio \u00e9 compuls\u00f3ria, atrav\u00e9s de bolsa ou outra forma de contrapresta\u00e7\u00e3o que venha a ser acordada, bem como a concess\u00e3o do aux\u00edlio-transporte. Para o est\u00e1gio obrigat\u00f3rio, a concess\u00e3o de bolsa ou outra forma de contrapresta\u00e7\u00e3o e aux\u00edlio-transporte \u00e9 facultativa. Em ambos os casos, cabe \u00e0 concedente do est\u00e1gio definir o valor e forma de pagamento.<\/p><\/div><\/div><\/article><article class=\"faq-item\"><button class=\"faq-question\" type=\"button\" aria-expanded=\"false\" aria-controls=\"faq-answer-34\" id=\"faq-question-34\"><span class=\"faq-number\">34<\/span><span class=\"faq-question-text\">\u00c9 obrigat\u00f3ria a supervis\u00e3o de Estagi\u00e1rio?<\/span><span class=\"faq-toggle\" aria-hidden=\"true\">+<\/span><\/button><div class=\"faq-answer\" id=\"faq-answer-34\" role=\"region\" aria-labelledby=\"faq-question-34\"><div class=\"faq-answer-inner\"><p>Nos termos do par\u00e1grafo 1o da Lei Federal no 11.788\/2008, o est\u00e1gio, como ato educativo escolar supervisionado, dever\u00e1 ter acompanhamento efetivo pelo orientador da institui\u00e7\u00e3o de ensino e por supervisor da parte concedente, comprovado por vistos em relat\u00f3rios e por men\u00e7\u00e3o de aprova\u00e7\u00e3o final. Ainda sobre o tema, versa o inciso III do art. 9o da Lei em quest\u00e3o, quando determina que a parte concedente deve indicar funcion\u00e1rio de seu quadro de pessoal, com forma\u00e7\u00e3o ou experi\u00eancia profissional na \u00e1rea de conhecimento desenvolvida no curso do estagi\u00e1rio, para orientar e supervisionar os estagi\u00e1rios. Importante observar que o estagi\u00e1rio n\u00e3o pode atuar sem a presen\u00e7a do supervisor, para evitar interpreta\u00e7\u00e3o de atua\u00e7\u00e3o profissional por pessoa n\u00e3o habilitada. Neste caso, o indiv\u00edduo poder\u00e1 ser enquadrado no art. 47 do Decreto-Lei 3.688\/1941 (Lei de Contraven\u00e7\u00f5es Penais) por exerc\u00edcio ilegal de profiss\u00e3o. Registre-se que o assunto tamb\u00e9m \u00e9 abordado<\/p><\/div><\/div><\/article><article class=\"faq-item\"><button class=\"faq-question\" type=\"button\" aria-expanded=\"false\" aria-controls=\"faq-answer-35\" id=\"faq-question-35\"><span class=\"faq-number\">35<\/span><span class=\"faq-question-text\">O atestado m\u00e9dico \u00e9 obrigat\u00f3rio para pr\u00e1tica de atividades f\u00edsicas?<\/span><span class=\"faq-toggle\" aria-hidden=\"true\">+<\/span><\/button><div class=\"faq-answer\" id=\"faq-answer-35\" role=\"region\" aria-labelledby=\"faq-question-35\"><div class=\"faq-answer-inner\"><p>Desconhecemos legisla\u00e7\u00e3o federal que tenha tal exig\u00eancia. Entretanto, o munic\u00edpio de Campo Grande possui Lei Municipal no 3621\/1999 que determina que todos os pretendentes a matr\u00edcula nas academias, ficam obrigados \u00e0 apresenta\u00e7\u00e3o de atestado m\u00e9dico dando conta de sua aptid\u00e3o para a atividade que pretende praticar, devendo dito atestado ser anexado \u00e0 ficha de matr\u00edcula. Lembramos ser fundamental uma avalia\u00e7\u00e3o das condi\u00e7\u00f5es f\u00edsicas do praticante, antes da prescri\u00e7\u00e3o das atividades. Registre-se que o assunto tamb\u00e9m \u00e9 abordado na Nota T\u00e9cnica CONFEF no 02\/2012 (<a href=\"https:\/\/www.confef.org.br\/confef\/conteudo\/837)\" target=\"_blank\" rel=\"noopener\">https:\/\/www.confef.org.br\/confef\/conteudo\/837)<\/a><\/p><\/div><\/div><\/article><article class=\"faq-item\"><button class=\"faq-question\" type=\"button\" aria-expanded=\"false\" aria-controls=\"faq-answer-36\" id=\"faq-question-36\"><span class=\"faq-number\">36<\/span><span class=\"faq-question-text\">Como denunciar o exerc\u00edcio irregular?<\/span><span class=\"faq-toggle\" aria-hidden=\"true\">+<\/span><\/button><div class=\"faq-answer\" id=\"faq-answer-36\" role=\"region\" aria-labelledby=\"faq-question-36\"><div class=\"faq-answer-inner\"><p>Para efetuar uma den\u00fancia, \u00e9 necess\u00e1rio formaliz\u00e1-la por escrito, via carta, e-mail ou atrav\u00e9s do nosso portal (<a href=\"http:\/\/www.cref11.org.br\/denunciar.asp),\" target=\"_blank\" rel=\"noopener\">http:\/\/www.cref11.org.br\/denunciar.asp),<\/a> informando os dados do denunciado quando houver, dias e hor\u00e1rios espec\u00edficos de atua\u00e7\u00e3o, local exato (rua\/n\u00famero\/bairro\/cidade) e a descri\u00e7\u00e3o detalhada da irregularidade, para que seja programada fiscaliza\u00e7\u00e3o ao local e que sejam adotadas as medidas cab\u00edveis.<\/p><\/div><\/div><\/article><article class=\"faq-item\"><button class=\"faq-question\" type=\"button\" aria-expanded=\"false\" aria-controls=\"faq-answer-37\" id=\"faq-question-37\"><span class=\"faq-number\">37<\/span><span class=\"faq-question-text\">A oferta da Educa\u00e7\u00e3o F\u00edsica Escolar \u00e9 obrigat\u00f3ria?<\/span><span class=\"faq-toggle\" aria-hidden=\"true\">+<\/span><\/button><div class=\"faq-answer\" id=\"faq-answer-37\" role=\"region\" aria-labelledby=\"faq-question-37\"><div class=\"faq-answer-inner\"><p>A Lei Federal no 10.328\/2001 alterou a reda\u00e7\u00e3o do art. 26, par\u00e1grafo 3o e do art. 92 da Lei no 9.394\/1996, que estabelece as diretrizes e bases da educa\u00e7\u00e3o nacional e d\u00e1 outras provid\u00eancias.<\/p><\/div><\/div><\/article><article class=\"faq-item\"><button class=\"faq-question\" type=\"button\" aria-expanded=\"false\" aria-controls=\"faq-answer-38\" id=\"faq-question-38\"><span class=\"faq-number\">38<\/span><span class=\"faq-question-text\">A pr\u00e1tica da Educa\u00e7\u00e3o F\u00edsica Escolar \u00e9 facultativa?<\/span><span class=\"faq-toggle\" aria-hidden=\"true\">+<\/span><\/button><div class=\"faq-answer\" id=\"faq-answer-38\" role=\"region\" aria-labelledby=\"faq-question-38\"><div class=\"faq-answer-inner\"><p>A Educa\u00e7\u00e3o F\u00edsica, integrada \u00e0 proposta pedag\u00f3gica da escola, \u00e9 componente curricular obrigat\u00f3rio da Educa\u00e7\u00e3o B\u00e1sica. A Lei de Diretrizes e Bases da Educa\u00e7\u00e3o Nacional \u2013 LDB em seu artigo 26, par\u00e1grafo terceiro \u2013 cuja reda\u00e7\u00e3o foi alterada pela Lei no 10793\/2003-, prev\u00ea ser facultativa a pr\u00e1tica da Educa\u00e7\u00e3o F\u00edsica Escolar nos casos l\u00e1 determinados. \u00c9 bom destacar que a citada Lei n\u00e3o prev\u00ea os casos de dispensa ou isen\u00e7\u00e3o da frequ\u00eancia nas aulas e pr\u00e1tica da educa\u00e7\u00e3o f\u00edsica. Registre-se, que o aluno quando faz a op\u00e7\u00e3o pela n\u00e3o participa\u00e7\u00e3o da pr\u00e1tica, deve estar presente na aula, pois ter\u00e1 que ser avaliado e conceituado. Os alunos s\u00f3 ficam isentos ou dispensados de frequentar, quando for impossibilitado de estar no \u00e2mbito da unidade escolar.<\/p><\/div><\/div><\/article><article class=\"faq-item\"><button class=\"faq-question\" type=\"button\" aria-expanded=\"false\" aria-controls=\"faq-answer-39\" id=\"faq-question-39\"><span class=\"faq-number\">39<\/span><span class=\"faq-question-text\">Quanto ao n\u00famero de aulas, existe um quantitativo de aulas de Educa\u00e7\u00e3o F\u00edsica?<\/span><span class=\"faq-toggle\" aria-hidden=\"true\">+<\/span><\/button><div class=\"faq-answer\" id=\"faq-answer-39\" role=\"region\" aria-labelledby=\"faq-question-39\"><div class=\"faq-answer-inner\"><p>A LDB n\u00e3o indica quantitativo de aulas para nenhuma disciplina, consequentemente, a Educa\u00e7\u00e3o F\u00edsica tamb\u00e9m n\u00e3o. Alguns estados\/munic\u00edpios t\u00eam legisla\u00e7\u00e3o determinando o quantitativo.<\/p><\/div><\/div><\/article><article class=\"faq-item\"><button class=\"faq-question\" type=\"button\" aria-expanded=\"false\" aria-controls=\"faq-answer-40\" id=\"faq-question-40\"><span class=\"faq-number\">40<\/span><span class=\"faq-question-text\">Quem est\u00e1 habilitado a ministrar aulas de Educa\u00e7\u00e3o F\u00edsica da 1a a 4a s\u00e9rie?<\/span><span class=\"faq-toggle\" aria-hidden=\"true\">+<\/span><\/button><div class=\"faq-answer\" id=\"faq-answer-40\" role=\"region\" aria-labelledby=\"faq-question-40\"><div class=\"faq-answer-inner\"><p>O Profissional de Educa\u00e7\u00e3o F\u00edsica, em qualquer etapa da Educa\u00e7\u00e3o B\u00e1sica.<\/p><\/div><\/div><\/article><article class=\"faq-item\"><button class=\"faq-question\" type=\"button\" aria-expanded=\"false\" aria-controls=\"faq-answer-41\" id=\"faq-question-41\"><span class=\"faq-number\">41<\/span><span class=\"faq-question-text\">Onde pode atuar o Profissional Provisionado?<\/span><span class=\"faq-toggle\" aria-hidden=\"true\">+<\/span><\/button><div class=\"faq-answer\" id=\"faq-answer-41\" role=\"region\" aria-labelledby=\"faq-question-41\"><div class=\"faq-answer-inner\"><p>O Profissional de Educa\u00e7\u00e3o F\u00edsica da categoria Provisionado pode atuar apenas na \u00e1rea espec\u00edfica \u00e0 qual tenha comprovado sua atua\u00e7\u00e3o e indicada em sua C\u00e9dula de Identidade Profissional.<\/p><\/div><\/div><\/article><article class=\"faq-item\"><button class=\"faq-question\" type=\"button\" aria-expanded=\"false\" aria-controls=\"faq-answer-42\" id=\"faq-question-42\"><span class=\"faq-number\">42<\/span><span class=\"faq-question-text\">Qual \u00e9 o piso salarial do Profissional de Educa\u00e7\u00e3o F\u00edsica?<\/span><span class=\"faq-toggle\" aria-hidden=\"true\">+<\/span><\/button><div class=\"faq-answer\" id=\"faq-answer-42\" role=\"region\" aria-labelledby=\"faq-question-42\"><div class=\"faq-answer-inner\"><p>A compet\u00eancia para o estabelecimento de valores relativos a piso salarial e valor de hora de trabalho \u00e9 dos Sindicatos dos trabalhadores da categoria na regi\u00e3o (pode ser estado, munic\u00edpio ou grupo de munic\u00edpios), que podem, atrav\u00e9s de acordos ou conven\u00e7\u00f5es coletivas de trabalho com o Sindicato Patronal, estabelecer tais valores. O piso salarial tamb\u00e9m pode ser definido por leis federais e estaduais e variam de acordo com a regi\u00e3o do Pa\u00eds.<\/p><\/div><\/div><\/article><article class=\"faq-item\"><button class=\"faq-question\" type=\"button\" aria-expanded=\"false\" aria-controls=\"faq-answer-43\" id=\"faq-question-43\"><span class=\"faq-number\">43<\/span><span class=\"faq-question-text\">Quem pode ministrar Gin\u00e1stica Laboral?<\/span><span class=\"faq-toggle\" aria-hidden=\"true\">+<\/span><\/button><div class=\"faq-answer\" id=\"faq-answer-43\" role=\"region\" aria-labelledby=\"faq-question-43\"><div class=\"faq-answer-inner\"><p>\u00c9 o Profissional de Educa\u00e7\u00e3o F\u00edsica o que tem forma\u00e7\u00e3o, compet\u00eancia e amparo legal, para atuar no planejamento, prescri\u00e7\u00e3o e dinamiza\u00e7\u00e3o de atividades f\u00edsicas, considerando n\u00e3o apenas os aspectos cinesiol\u00f3gicos e fisiol\u00f3gicos, mas tamb\u00e9m os pedag\u00f3gicos, psicol\u00f3gicos e socioculturais envolvidos, ou seja, responsabilizar-se pelo programa de gin\u00e1stica laboral. A Gin\u00e1stica Laboral foi desenvolvida para atender de forma adequada as necessidades dos trabalhadores no sentido da sua prepara\u00e7\u00e3o f\u00edsica, postural, comportamental e sociocultural frente aos desafios dos modernos ambientes de trabalho.<\/p><\/div><\/div><\/article><article class=\"faq-item\"><button class=\"faq-question\" type=\"button\" aria-expanded=\"false\" aria-controls=\"faq-answer-44\" id=\"faq-question-44\"><span class=\"faq-number\">44<\/span><span class=\"faq-question-text\">Qual o s\u00edmbolo da Educa\u00e7\u00e3o F\u00edsica?<\/span><span class=\"faq-toggle\" aria-hidden=\"true\">+<\/span><\/button><div class=\"faq-answer\" id=\"faq-answer-44\" role=\"region\" aria-labelledby=\"faq-question-44\"><div class=\"faq-answer-inner\"><p>O s\u00edmbolo \u00e9 o Disc\u00f3bolo de Myron<\/p><\/div><\/div><\/article><article class=\"faq-item\"><button class=\"faq-question\" type=\"button\" aria-expanded=\"false\" aria-controls=\"faq-answer-45\" id=\"faq-question-45\"><span class=\"faq-number\">45<\/span><span class=\"faq-question-text\">Qual a cor da profiss\u00e3o de Educa\u00e7\u00e3o F\u00edsica?<\/span><span class=\"faq-toggle\" aria-hidden=\"true\">+<\/span><\/button><div class=\"faq-answer\" id=\"faq-answer-45\" role=\"region\" aria-labelledby=\"faq-question-45\"><div class=\"faq-answer-inner\"><p>A cor \u00e9 verde, pois tal cor \u00e9 atribu\u00edda aos cursos da \u00e1rea da sa\u00fade e significa esperan\u00e7a, for\u00e7a, longevidade e imortalidade. Demonstra adapta\u00e7\u00e3o ao ambiente e a capacidade do contato. Tamb\u00e9m \u00e9 conhecida como a cor do conhecimento.<\/p><\/div><\/div><\/article><\/div><\/section><\/main><script>document.querySelectorAll('.faq-question').forEach(function(button){button.addEventListener('click',function(){var expanded=this.getAttribute('aria-expanded')==='true';document.querySelectorAll('.faq-question[aria-expanded=\"true\"]').forEach(function(other){if(other!==button)other.setAttribute('aria-expanded','false')});this.setAttribute('aria-expanded',String(!expanded));})});<\/script><\/body><\/html>\t\t\t\t<\/div>\n\t\t\t\t<\/div>\n\t\t\t\t<\/div>\n\t\t","protected":false},"excerpt":{"rendered":"<p>&lt;!doctype html&gt; &nbsp; D\u00favidas frequentes FAQ CREF11\/MS Encontre respostas para as principais d\u00favidas sobre registro profissional, atua\u00e7\u00e3o, servi\u00e7os, anuidades, est\u00e1gios [&hellip;]<\/p>\n","protected":false},"author":1,"featured_media":0,"parent":0,"menu_order":0,"comment_status":"closed","ping_status":"closed","template":"elementor_header_footer","meta":{"site-sidebar-layout":"no-sidebar","site-content-layout":"","ast-site-content-layout":"full-width-container","site-content-style":"default","site-sidebar-style":"default","ast-global-header-display":"","ast-banner-title-visibility":"","ast-main-header-display":"","ast-hfb-above-header-display":"","ast-hfb-below-header-display":"","ast-hfb-mobile-header-display":"","site-post-title":"","ast-breadcrumbs-content":"","ast-featured-img":"disabled","footer-sml-layout":"","ast-disable-related-posts":"","theme-transparent-header-meta":"default","adv-header-id-meta":"","stick-header-meta":"","header-above-stick-meta":"","header-main-stick-meta":"","header-below-stick-meta":"","astra-migrate-meta-layouts":"set","ast-page-background-enabled":"default","ast-page-background-meta":{"desktop":{"background-color":"var(--ast-global-color-5)","background-image":"","background-repeat":"repeat","background-position":"center center","background-size":"auto","background-attachment":"scroll","background-type":"","background-media":"","overlay-type":"","overlay-color":"","overlay-opacity":"","overlay-gradient":""},"tablet":{"background-color":"","background-image":"","background-repeat":"repeat","background-position":"center center","background-size":"auto","background-attachment":"scroll","background-type":"","background-media":"","overlay-type":"","overlay-color":"","overlay-opacity":"","overlay-gradient":""},"mobile":{"background-color":"","background-image":"","background-repeat":"repeat","background-position":"center center","background-size":"auto","background-attachment":"scroll","background-type":"","background-media":"","overlay-type":"","overlay-color":"","overlay-opacity":"","overlay-gradient":""}},"ast-content-background-meta":{"desktop":{"background-color":"var(--ast-global-color-4)","background-image":"","background-repeat":"repeat","background-position":"center center","background-size":"auto","background-attachment":"scroll","background-type":"","background-media":"","overlay-type":"","overlay-color":"","overlay-opacity":"","overlay-gradient":""},"tablet":{"background-color":"var(--ast-global-color-4)","background-image":"","background-repeat":"repeat","background-position":"center center","background-size":"auto","background-attachment":"scroll","background-type":"","background-media":"","overlay-type":"","overlay-color":"","overlay-opacity":"","overlay-gradient":""},"mobile":{"background-color":"var(--ast-global-color-4)","background-image":"","background-repeat":"repeat","background-position":"center center","background-size":"auto","background-attachment":"scroll","background-type":"","background-media":"","overlay-type":"","overlay-color":"","overlay-opacity":"","overlay-gradient":""}},"footnotes":""},"class_list":["post-420","page","type-page","status-publish","hentry"],"_links":{"self":[{"href":"https:\/\/nexloo.mx\/cref11\/wp-json\/wp\/v2\/pages\/420","targetHints":{"allow":["GET"]}}],"collection":[{"href":"https:\/\/nexloo.mx\/cref11\/wp-json\/wp\/v2\/pages"}],"about":[{"href":"https:\/\/nexloo.mx\/cref11\/wp-json\/wp\/v2\/types\/page"}],"author":[{"embeddable":true,"href":"https:\/\/nexloo.mx\/cref11\/wp-json\/wp\/v2\/users\/1"}],"replies":[{"embeddable":true,"href":"https:\/\/nexloo.mx\/cref11\/wp-json\/wp\/v2\/comments?post=420"}],"version-history":[{"count":13,"href":"https:\/\/nexloo.mx\/cref11\/wp-json\/wp\/v2\/pages\/420\/revisions"}],"predecessor-version":[{"id":12092,"href":"https:\/\/nexloo.mx\/cref11\/wp-json\/wp\/v2\/pages\/420\/revisions\/12092"}],"wp:attachment":[{"href":"https:\/\/nexloo.mx\/cref11\/wp-json\/wp\/v2\/media?parent=420"}],"curies":[{"name":"wp","href":"https:\/\/api.w.org\/{rel}","templated":true}]}}